{"id":6,"date":"2026-02-06T16:29:16","date_gmt":"2026-02-06T16:29:16","guid":{"rendered":"http:\/\/nuvita.actisgroup.de\/welcome-to-http-nuvita-actisgroup-de\/"},"modified":"2026-02-11T20:48:06","modified_gmt":"2026-02-11T20:48:06","slug":"welcome-to-http-nuvita-actisgroup-de","status":"publish","type":"page","link":"https:\/\/nuvita-care.de\/","title":{"rendered":"Station\u00e4re Angebote"},"content":{"rendered":"\n<h1 class=\"wp-block-heading has-text-color has-link-color wp-elements-f14e5ab2353dc0d8312eb8c3e614ae84\" style=\"color:#05cd9b\"><strong>Station\u00e4re Angebote<\/strong><\/h1>\n\n\n\n<p class=\"is-style-default has-large-font-size\" style=\"border-style:none;border-width:0px\">Kinder und Jugendliche, die aus unterschiedlichen Gr\u00fcnden nicht in Ihrer Herkunftsfamilie und nicht in Familienpflege sicher aufwachsen k\u00f6nnen, brauchen ein <strong>stabiles, strukturiertes und auf ihre Bed\u00fcrfnisse eingehendes Umfeld.<\/strong><\/p>\n\n\n\n<p class=\"has-background has-large-font-size\" style=\"border-style:none;border-width:0px;background:linear-gradient(135deg,rgba(2,204,154,0.54) 0%,rgba(172,224,81,0.38) 100%);padding-right:var(--wp--preset--spacing--20);padding-left:var(--wp--preset--spacing--20)\"><strong>Dies ist Aufgabe der station\u00e4ren Jugendhilfe, in der es durch verschiedene Faktoren derzeit und vermutlich auch in Zukunft einen das bestehende Angebot \u00fcbersteigenden Bedarf gibt.<br><br>Wir erm\u00f6glichen es \u00f6ffentlichen Tr\u00e4gern, vorhandenen kurzfristigen und auch dauerhaften Bedarf an station\u00e4rer Betreuung und Erziehung bis zur Verselbst\u00e4ndigung abzudecken.<\/strong><\/p>\n\n\n\n<p class=\"has-large-font-size\"><br>Wir sind ein neuer freier Tr\u00e4ger in der station\u00e4ren Jugendhilfe mit Schwerpunkt-Angeboten in den Bereichen:<\/p>\n\n\n\n<ul class=\"wp-block-list\">\n<li class=\"has-large-font-size\">Wohngruppen f\u00fcr Kinder und Jugendliche nach \u00a734 SGB VIII, auch mit intensivp\u00e4dagogischer F\u00f6rderung und Eingliederungshilfebedarf nach \u00a735a SGB VIII<\/li>\n\n\n\n<li class=\"has-large-font-size\">Wohngruppen f\u00fcr kleine Kinder mit Betreuungs- und Kl\u00e4rungsbedarf zur weiteren Entwicklung (U6 Clearing)<\/li>\n\n\n\n<li class=\"has-large-font-size\">Betreuung nach Inobhutnahmen gem. \u00a742 SGB VIII<\/li>\n\n\n\n<li class=\"has-large-font-size\">station\u00e4re p\u00e4dagogische Verselbst\u00e4ndigungsangebote f\u00fcr Jugendliche und junge Vollj\u00e4hrige (\u00a741 SGB VIII)<\/li>\n<\/ul>\n\n\n\n<p><\/p>\n\n\n\n<p class=\"has-large-font-size\" style=\"padding-top:0;padding-bottom:0\"><br>Dabei st\u00fctzen wir uns auf bereits vorhandene, erfolgreich etablierte Angebote unseres engen Kooperationspartners <a href=\"http:\/\/www.visiopart.de\" target=\"_blank\" rel=\"noreferrer noopener\"><img loading=\"lazy\" decoding=\"async\" width=\"150\" height=\"38\" class=\"wp-image-98\" style=\"width: 150px;\" src=\"https:\/\/nuvita-care.de\/wp-content\/uploads\/2026\/02\/Visiopart_Logo.png\" alt=\"Link VisioPart\" srcset=\"https:\/\/nuvita-care.de\/wp-content\/uploads\/2026\/02\/Visiopart_Logo.png 1500w, https:\/\/nuvita-care.de\/wp-content\/uploads\/2026\/02\/Visiopart_Logo-300x75.png 300w, https:\/\/nuvita-care.de\/wp-content\/uploads\/2026\/02\/Visiopart_Logo-1024x256.png 1024w, https:\/\/nuvita-care.de\/wp-content\/uploads\/2026\/02\/Visiopart_Logo-768x192.png 768w\" sizes=\"auto, (max-width: 150px) 100vw, 150px\" \/><\/a>.<\/p>\n\n\n\n<p>Dazu hier in K\u00fcrze genaue Beschreibungen.<\/p>\n\n\n\n<p><\/p>\n\n\n\n<div class=\"wp-block-group alignfull is-style-section-4 has-global-padding is-layout-constrained wp-block-group-is-layout-constrained is-style-section-4--1\" style=\"min-height:100vh;margin-top:0;margin-bottom:0\">\n<div class=\"wp-block-columns alignfull is-style-default has-accent-5-color has-text-color has-link-color wp-elements-95ad05205f36d25c8465c300e3023c8e is-layout-flex wp-container-core-columns-is-layout-0b318afb wp-block-columns-is-layout-flex\" style=\"padding-top:0;padding-right:var(--wp--preset--spacing--40);padding-bottom:0;padding-left:var(--wp--preset--spacing--40)\">\n<div class=\"wp-block-column is-vertically-aligned-center is-layout-flow wp-block-column-is-layout-flow\">\n<div class=\"wp-block-group is-layout-flow wp-block-group-is-layout-flow\" style=\"padding-top:var(--wp--preset--spacing--50);padding-right:var(--wp--preset--spacing--50);padding-bottom:var(--wp--preset--spacing--50);padding-left:var(--wp--preset--spacing--50)\">\n<h2 class=\"wp-block-heading\">Sicherheit und Chancen<\/h2>\n\n\n\n<p class=\"has-text-align-left\">In der station\u00e4ren Jugendhilfe geht es zunehmend um Kinder und Jugendliche, deren pers\u00f6nliche Entwicklungsm\u00f6glichkeiten in der Gesellschaft durch Umfeld, Probleme im Elternhaus und soziales Setting massiv beeintr\u00e4chtigt sind.<\/p>\n\n\n\n<p>Die station\u00e4re Jugendhilfe hat an dieser Stelle die zentrale und gesellschaftlich sehr wichtige Funktion, Entwicklungsm\u00f6glichkeiten zu schaffen, professionell zu gestalten und individuell die bestm\u00f6glichen Voraussetzungen f\u00fcr den Lebensweg der Zukunft zu setzen.<\/p>\n<\/div>\n<\/div>\n\n\n\n<div class=\"wp-block-column is-layout-flow wp-block-column-is-layout-flow\">\n<div class=\"wp-block-cover\" style=\"min-height:100vh;aspect-ratio:unset;\"><img loading=\"lazy\" decoding=\"async\" width=\"1024\" height=\"427\" class=\"wp-block-cover__image-background wp-image-22\" alt=\"\" src=\"https:\/\/nuvita-care.de\/wp-content\/uploads\/2026\/02\/JH-35a_Titel_1-1536x641-1-1024x427.png\" data-object-fit=\"cover\"\/><span aria-hidden=\"true\" class=\"wp-block-cover__background has-background-dim\"><\/span><div class=\"wp-block-cover__inner-container is-layout-flow wp-block-cover-is-layout-flow\">\n<p class=\"has-text-align-center has-large-font-size\"><\/p>\n<\/div><\/div>\n<\/div>\n<\/div>\n<\/div>\n\n\n\n<div class=\"wp-block-group alignfull is-layout-flow wp-container-core-group-is-layout-f9cb6abc wp-block-group-is-layout-flow\" style=\"margin-top:0;margin-bottom:0\"><\/div>\n","protected":false},"excerpt":{"rendered":"<p>Station\u00e4re Angebote Kinder und Jugendliche, die aus unterschiedlichen Gr\u00fcnden nicht in Ihrer Herkunftsfamilie und nicht in Familienpflege sicher aufwachsen k\u00f6nnen, brauchen ein stabiles, strukturiertes und auf ihre Bed\u00fcrfnisse eingehendes Umfeld. Dies ist Aufgabe der station\u00e4ren Jugendhilfe, in der es durch verschiedene Faktoren derzeit und vermutlich auch in Zukunft einen das bestehende Angebot \u00fcbersteigenden Bedarf gibt. [&hellip;]<\/p>\n","protected":false},"author":1,"featured_media":0,"parent":0,"menu_order":0,"comment_status":"closed","ping_status":"closed","template":"","meta":{"footnotes":""},"class_list":["post-6","page","type-page","status-publish","hentry"],"_links":{"self":[{"href":"https:\/\/nuvita-care.de\/index.php?rest_route=\/wp\/v2\/pages\/6","targetHints":{"allow":["GET"]}}],"collection":[{"href":"https:\/\/nuvita-care.de\/index.php?rest_route=\/wp\/v2\/pages"}],"about":[{"href":"https:\/\/nuvita-care.de\/index.php?rest_route=\/wp\/v2\/types\/page"}],"author":[{"embeddable":true,"href":"https:\/\/nuvita-care.de\/index.php?rest_route=\/wp\/v2\/users\/1"}],"replies":[{"embeddable":true,"href":"https:\/\/nuvita-care.de\/index.php?rest_route=%2Fwp%2Fv2%2Fcomments&post=6"}],"version-history":[{"count":32,"href":"https:\/\/nuvita-care.de\/index.php?rest_route=\/wp\/v2\/pages\/6\/revisions"}],"predecessor-version":[{"id":262,"href":"https:\/\/nuvita-care.de\/index.php?rest_route=\/wp\/v2\/pages\/6\/revisions\/262"}],"wp:attachment":[{"href":"https:\/\/nuvita-care.de\/index.php?rest_route=%2Fwp%2Fv2%2Fmedia&parent=6"}],"curies":[{"name":"wp","href":"https:\/\/api.w.org\/{rel}","templated":true}]}}